{"id":40543,"date":"2022-09-26T15:17:39","date_gmt":"2022-09-26T13:17:39","guid":{"rendered":"https:\/\/opusurbain.com\/?post_type=project&#038;p=40543"},"modified":"2022-09-26T15:17:41","modified_gmt":"2022-09-26T13:17:41","slug":"parc-des-subsistancescentralite-identite-reinterpretee-nature__fontainebleau","status":"publish","type":"project","link":"https:\/\/opusurbain.com\/index.php\/project\/parc-des-subsistancescentralite-identite-reinterpretee-nature__fontainebleau\/","title":{"rendered":"<div id=\"vignette\"><h1>Parc des Subsistances<\/h1><br><h3>Centralit\u00e9, Identit\u00e9 r\u00e9interpr\u00e9t\u00e9e, Nature<\/h3><h4>__<\/h4><br><span>FONTAINEBLEAU<\/span><\/div>"},"content":{"rendered":"\n\n[et_pb_section fb_built=\u00a0\u00bb1&Prime; _builder_version=\u00a0\u00bb3.22&Prime;][et_pb_row _builder_version=\u00a0\u00bb3.25&Prime; max_width=\u00a0\u00bb1200px\u00a0\u00bb use_custom_width=\u00a0\u00bbon\u00a0\u00bb custom_width_px=\u00a0\u00bb1200px\u00a0\u00bb][et_pb_column type=\u00a0\u00bb4_4&Prime; _builder_version=\u00a0\u00bb3.25&Prime; custom_padding=\u00a0\u00bb|||\u00a0\u00bb custom_padding__hover=\u00a0\u00bb|||\u00a0\u00bb][et_pb_image src=\u00a0\u00bbhttps:\/\/opusurbain.com\/wp-content\/uploads\/2021\/04\/200918_FIDUCIM_FONTAINEBLEAU_CAM01-BANDEAU.jpg\u00a0\u00bb title_text=\u00a0\u00bb200918_FIDUCIM_FONTAINEBLEAU_CAM01-BANDEAU\u00a0\u00bb force_fullwidth=\u00a0\u00bbon\u00a0\u00bb align_tablet=\u00a0\u00bbcenter\u00a0\u00bb align_phone=\u00a0\u00bb\u00a0\u00bb align_last_edited=\u00a0\u00bbon|desktop\u00a0\u00bb _builder_version=\u00a0\u00bb4.6.6&Prime; hover_enabled=\u00a0\u00bb0&Prime; sticky_enabled=\u00a0\u00bb0&Prime;][\/et_pb_image][\/et_pb_column][\/et_pb_row][et_pb_row column_structure=\u00a0\u00bb1_2,1_2&Prime; _builder_version=\u00a0\u00bb4.6.6&Prime; max_width=\u00a0\u00bb1200px\u00a0\u00bb custom_margin=\u00a0\u00bb0px||||false|false\u00a0\u00bb custom_padding=\u00a0\u00bb0px||||false|false\u00a0\u00bb use_custom_width=\u00a0\u00bbon\u00a0\u00bb custom_width_px=\u00a0\u00bb1200px\u00a0\u00bb][et_pb_column type=\u00a0\u00bb1_2&Prime; _builder_version=\u00a0\u00bb3.25&Prime; custom_padding=\u00a0\u00bb|||\u00a0\u00bb custom_padding__hover=\u00a0\u00bb|||\u00a0\u00bb][et_pb_text module_id=\u00a0\u00bbprojet\u00a0\u00bb _builder_version=\u00a0\u00bb4.6.6&Prime; text_font=\u00a0\u00bb||||||||\u00a0\u00bb text_line_height=\u00a0\u00bb1.1em\u00a0\u00bb custom_margin=\u00a0\u00bb0px||||false|false\u00a0\u00bb custom_padding=\u00a0\u00bb0px||||false|false\u00a0\u00bb hover_enabled=\u00a0\u00bb0&Prime; locked=\u00a0\u00bboff\u00a0\u00bb sticky_enabled=\u00a0\u00bb0&Prime;]<div class=\"page\" title=\"Page 4\">\n<div class=\"layoutArea\">\n<div class=\"column\">\n<h1>Parc des Subsistances<\/h1>\n<h2>VILLE DE FONTAINEBLEAU<\/h2>\n<h3><span style=\"color: #84bd00; font-size: 35px;\">CENTRALITE, IDENTITE REINTERPRETEE, NATURE<\/span><\/h3>\n<p><span><strong>PROGRAMME : <\/strong><\/span><span>Reconversion du site des Subsistances en polarit\u00e9 urbaine contemporaine du nouveau quartier Fontainebleau sud.<\/span><\/p>\n<p><span><strong>CONTEXTE : <\/strong><\/span><span>Ville de Fontainebleau, entre le parc du Ch\u00e2teau et la For\u00eat remarquable<\/span><\/p>\n<p><span><strong>SUPERFICIE : <\/strong><\/span><span>4.5 ha<\/span><\/p>\n<p><span><strong>CO\u00dbTS DES TRAVAUX : <\/strong><\/span><span>En cours de d\u00e9finition<\/span><\/p>\n<p><span><strong>MAITRISE d\u2019OUVRAGE : <\/strong><\/span><span>FIDUCIM\/ Ville de Fontainebleau<\/span><\/p>\n<p><span><strong>MAITRISE D\u2019OEUVRE : <\/strong><\/span><span>OPUS URBAIN\/ OTON SANCHEZ ARCHITECTES\/ PROJEX \/DIAGOBAT<\/span><\/p>\n<p><span><strong>MISSION : <\/strong><\/span><span>Mission de ma\u00eetrise d&rsquo;\u0153uvre des espaces publics et priv\u00e9s : Place publique de centralit\u00e9 de quartier (5.000m\u00b2) \/ int\u00e9rieur d\u2019\u00eelot public\/ section du parc urbain lin\u00e9aire\/ jardins privatifs.<\/span><\/p>\n<p><span><strong>PHASE : <\/strong><\/span><span>D\u00e9p\u00f4t de PC<\/span><\/p>\n<\/div>\n<\/div>\n<\/div>\n[\/et_pb_text][et_pb_text _builder_version=\u00a0\u00bb4.6.6&Prime; text_line_height=\u00a0\u00bb1.2em\u00a0\u00bb ul_font_size=\u00a0\u00bb16px\u00a0\u00bb ul_line_height=\u00a0\u00bb1.2em\u00a0\u00bb hover_enabled=\u00a0\u00bb0&Prime; locked=\u00a0\u00bboff\u00a0\u00bb sticky_enabled=\u00a0\u00bb0&Prime;]<div class=\"page\" title=\"Page 4\">\n<div class=\"layoutArea\">\n<div class=\"column\">\n<p style=\"text-align: justify;\"><strong>NATURE DE L&rsquo;INTERVENTION :<\/strong><\/p>\n<p style=\"text-align: justify;\">En tant qu\u2019urbaniste, OPUS URBAIN a \u00e9t\u00e9 mandat\u00e9 par FIDUCIM Promotion pour imaginer et mettre en \u0153uvre le quartier des Subsistances et la future centralit\u00e9 sud de la Ville de Fontainebleau.<\/p>\n<p style=\"text-align: justify;\"><strong>En parall\u00e8le de cette mission, OPUS URBAIN assure la maitrise d\u2019\u0153uvre des futurs espaces publics r\u00e9troc\u00e9d\u00e9s, des espaces priv\u00e9s et int\u00e9rieur d\u2019ilots.<\/strong><\/p>\n<p style=\"text-align: justify;\">Il s\u2019agit d\u2019un projet ambitieux qui a pour objectif d\u2019offrir une nouvelle mani\u00e8re de vivre la ville, dans un quartier \u00e0 la fois vivant et v\u00e9g\u00e9talis\u00e9, \u00e0 proximit\u00e9 du Parc, de la For\u00eat de Fontainebleau et non loin du centre historique. En cela, le Parc des Subsistance r\u00e9pond aux d\u00e9fis \u00e9cologiques urbains et a pour ambition d\u2019offrir un haut niveau de qualit\u00e9 de vie aux habitants.<\/p>\n<p style=\"text-align: justify;\"><strong>Un cadre de vie tourn\u00e9 vers la nature\u00a0:<\/strong><\/p>\n<p style=\"text-align: justify;\"><strong>Situ\u00e9 entre le Parc du Ch\u00e2teau et la For\u00eat remarquable de Fontainebleau<\/strong>, le projet des Subsistances d\u00e9veloppe une pr\u00e9sence v\u00e9g\u00e9tale forte qui vient offrir <strong>un cadre de vie v\u00e9g\u00e9talis\u00e9 et confortable.<\/strong><\/p>\n<p style=\"text-align: justify;\">Le quartier des Subsistances offre <strong>un espace calme et apais\u00e9<\/strong> dans lequel aucun v\u00e9hicule ne circule ou ne stationne \u00e0 l\u2019int\u00e9rieur.<\/p>\n<p style=\"text-align: justify;\">Les am\u00e9nagements proposent des ambiances paysag\u00e8res \u00ab\u00a0naturalisantes\u00a0\u00bb inspir\u00e9es de la For\u00eat de Fontainebleau. Ainsi jardins privatifs, int\u00e9rieurs d\u2019\u00eelot et espaces publics forment un <strong>paysage commun<\/strong> <strong>de qualit\u00e9<\/strong>. <strong>Plus de 230 arbres seront ainsi plant\u00e9s sur le site.<\/strong><\/p>\n<p style=\"text-align: justify;\"><strong>L\u2019int\u00e9rieur du quartier est enti\u00e8rement pi\u00e9ton<\/strong>, totalement ouvert sur son environnement. L\u2019ensemble est irrigu\u00e9 par quatre larges traverses pi\u00e9tonnes qui desservent chacun des lots.<\/p>\n<p style=\"text-align: justify;\">Le projet des Subsistances fait partie int\u00e9grante du \u00ab\u00a0Parc lin\u00e9aire\u00a0\u00bb<strong>\u00a0<\/strong><\/p>\n<p style=\"text-align: justify;\"><strong>La place publique\u00a0: une place vivante, conviviale et arbor\u00e9e<\/strong><\/p>\n<p style=\"text-align: justify;\"><strong>Le quartier est pens\u00e9 comme un espace inclusif, public, ouvert sur son environnement.<\/strong> A l\u2019angle de l\u2019Avenue de Villars une <strong>place publique<\/strong> est cr\u00e9\u00e9e tel un espace f\u00e9d\u00e9rateur, convivial et anim\u00e9.<\/p>\n<p style=\"text-align: justify;\">Cette place de 4500m\u00b2 est un espace d\u2019accueil polyvalent qui propose des terrasses caf\u00e9-restaurant, un espace d\u2019accueil pour les usages quotidiens (march\u00e9) ou exceptionnels (festivit\u00e9s), une aire de jeux pour enfants, de grands mobiliers bois conviviaux, un espace square etc. L\u2019ensemble de la place est plant\u00e9 de grands arbres et de petits arbres \u00e0 fleurs.<\/p>\n<p style=\"text-align: justify;\"><strong>Gestion des eaux pluviales et biodiversit\u00e9\u00a0:<\/strong><\/p>\n<p style=\"text-align: justify;\">Le projet pr\u00e9voit de <strong>valoriser les eaux de pluie<\/strong> en venant cr\u00e9er un r\u00e9seau de gestion des eaux pluviales \u00e0 ciel ouvert. Des foss\u00e9s plant\u00e9s (noues) et des bassins d\u2019infiltration sont ainsi cr\u00e9es permettant \u00e0 la fois d\u2019infiltrer les eaux dans la nappe phr\u00e9atique et de cr\u00e9er une diversit\u00e9 de paysages plus ou moins humides qui favorisent le <strong>d\u00e9veloppement d\u2019habitats pour la faune et la flore locale.<\/strong><\/p>\n<p style=\"text-align: justify;\">Par cette attitude vertueuse, par l\u2019absence de circulation \u00e0 l\u2019int\u00e9rieur du site, ainsi que par l&rsquo;optimisation des surfaces de pleine terre, le projet <strong>agit positivement pour la biodiversit\u00e9 et permet de lutter efficacement contre les ilots de chaleur.<\/strong><\/p>\n<\/div>\n<\/div>\n<\/div>\n[\/et_pb_text][\/et_pb_column][et_pb_column type=\u00a0\u00bb1_2&Prime; _builder_version=\u00a0\u00bb3.25&Prime; custom_padding=\u00a0\u00bb|||\u00a0\u00bb custom_padding__hover=\u00a0\u00bb|||\u00a0\u00bb][et_pb_image src=\u00a0\u00bbhttps:\/\/opusurbain.com\/wp-content\/uploads\/2021\/04\/fiducim-base-camp-vue.png\u00a0\u00bb title_text=\u00a0\u00bbfiducim-base-camp-vue\u00a0\u00bb align=\u00a0\u00bbright\u00a0\u00bb align_tablet=\u00a0\u00bbcenter\u00a0\u00bb align_phone=\u00a0\u00bb\u00a0\u00bb align_last_edited=\u00a0\u00bbon|desktop\u00a0\u00bb _builder_version=\u00a0\u00bb4.6.6&Prime; hover_enabled=\u00a0\u00bb0&Prime; sticky_enabled=\u00a0\u00bb0&Prime;][\/et_pb_image][et_pb_image src=\u00a0\u00bbhttps:\/\/opusurbain.com\/wp-content\/uploads\/2021\/04\/FBL_PDS_re\u0301union-pre\u0301sentation-pre\u0301-PC_056.png\u00a0\u00bb title_text=\u00a0\u00bbFBL_PDS_re\u0301union-pre\u0301sentation-pre\u0301-PC_056&Prime; align=\u00a0\u00bbright\u00a0\u00bb align_tablet=\u00a0\u00bbcenter\u00a0\u00bb align_phone=\u00a0\u00bb\u00a0\u00bb align_last_edited=\u00a0\u00bbon|desktop\u00a0\u00bb _builder_version=\u00a0\u00bb4.6.6&Prime; hover_enabled=\u00a0\u00bb0&Prime; sticky_enabled=\u00a0\u00bb0&Prime; custom_margin=\u00a0\u00bb-22px||||false|false\u00a0\u00bb][\/et_pb_image][et_pb_image src=\u00a0\u00bbhttps:\/\/opusurbain.com\/wp-content\/uploads\/2021\/04\/200918_FIDUCIM_FONTAINEBLEAU_CAM02.png\u00a0\u00bb title_text=\u00a0\u00bb200918_FIDUCIM_FONTAINEBLEAU_CAM02&Prime; align=\u00a0\u00bbright\u00a0\u00bb align_tablet=\u00a0\u00bbcenter\u00a0\u00bb align_phone=\u00a0\u00bb\u00a0\u00bb align_last_edited=\u00a0\u00bbon|desktop\u00a0\u00bb _builder_version=\u00a0\u00bb4.6.6&Prime; hover_enabled=\u00a0\u00bb0&Prime; sticky_enabled=\u00a0\u00bb0&Prime; custom_margin=\u00a0\u00bb-22px||||false|false\u00a0\u00bb][\/et_pb_image][et_pb_image src=\u00a0\u00bbhttps:\/\/opusurbain.com\/wp-content\/uploads\/2021\/04\/FIDUCIM-FONTAINEBLEAU-PERS-1-PERMIS-07122020.png\u00a0\u00bb title_text=\u00a0\u00bbFIDUCIM-FONTAINEBLEAU-PERS-1-PERMIS-07122020&Prime; align=\u00a0\u00bbright\u00a0\u00bb align_tablet=\u00a0\u00bbcenter\u00a0\u00bb align_phone=\u00a0\u00bb\u00a0\u00bb align_last_edited=\u00a0\u00bbon|desktop\u00a0\u00bb _builder_version=\u00a0\u00bb4.6.6&Prime; hover_enabled=\u00a0\u00bb0&Prime; sticky_enabled=\u00a0\u00bb0&Prime; custom_margin=\u00a0\u00bb-22px||||false|false\u00a0\u00bb][\/et_pb_image][\/et_pb_column][\/et_pb_row][\/et_pb_section]\n\n","protected":false},"excerpt":{"rendered":"<p>Parc des Subsistances VILLE DE FONTAINEBLEAU CENTRALITE, IDENTITE REINTERPRETEE, NATURE PROGRAMME : Reconversion du site des Subsistances en polarit\u00e9 urbaine contemporaine du nouveau quartier Fontainebleau sud. CONTEXTE : Ville de Fontainebleau, entre le parc du Ch\u00e2teau et la For\u00eat remarquable SUPERFICIE : 4.5 ha CO\u00dbTS DES TRAVAUX : En cours de d\u00e9finition MAITRISE d\u2019OUVRAGE : [&hellip;]<\/p>\n","protected":false},"author":2,"featured_media":40546,"comment_status":"open","ping_status":"closed","template":"","meta":{"_et_pb_use_builder":"on","_et_pb_old_content":"","_et_gb_content_width":"","footnotes":""},"project_category":[9],"project_tag":[],"class_list":["post-40543","project","type-project","status-publish","has-post-thumbnail","hentry","project_category-espaces-publics"],"yoast_head":"<!-- This site is optimized with the Yoast SEO plugin v26.7 - https:\/\/yoast.com\/wordpress\/plugins\/seo\/ -->\n<title>Parc des SubsistancesCentralit\u00e9, Identit\u00e9 r\u00e9interpr\u00e9t\u00e9e, Nature__FONTAINEBLEAU - Opus Urbain<\/title>\n<meta name=\"robots\" content=\"index, follow, max-snippet:-1, max-image-preview:large, max-video-preview:-1\" \/>\n<link rel=\"canonical\" href=\"https:\/\/opusurbain.com\/index.php\/project\/parc-des-subsistancescentralite-identite-reinterpretee-nature__fontainebleau\/\" \/>\n<meta property=\"og:locale\" content=\"fr_FR\" \/>\n<meta property=\"og:type\" content=\"article\" \/>\n<meta property=\"og:title\" content=\"Parc des SubsistancesCentralit\u00e9, Identit\u00e9 r\u00e9interpr\u00e9t\u00e9e, Nature__FONTAINEBLEAU - Opus Urbain\" \/>\n<meta property=\"og:description\" content=\"Parc des Subsistances VILLE DE FONTAINEBLEAU CENTRALITE, IDENTITE REINTERPRETEE, NATURE PROGRAMME : Reconversion du site des Subsistances en polarit\u00e9 urbaine contemporaine du nouveau quartier Fontainebleau sud. CONTEXTE : Ville de Fontainebleau, entre le parc du Ch\u00e2teau et la For\u00eat remarquable SUPERFICIE : 4.5 ha CO\u00dbTS DES TRAVAUX : En cours de d\u00e9finition MAITRISE d\u2019OUVRAGE : [&hellip;]\" \/>\n<meta property=\"og:url\" content=\"https:\/\/opusurbain.com\/index.php\/project\/parc-des-subsistancescentralite-identite-reinterpretee-nature__fontainebleau\/\" \/>\n<meta property=\"og:site_name\" content=\"Opus Urbain\" \/>\n<meta property=\"article:modified_time\" content=\"2022-09-26T13:17:41+00:00\" \/>\n<meta property=\"og:image\" content=\"https:\/\/opusurbain.com\/wp-content\/uploads\/2021\/04\/200918_FIDUCIM_FONTAINEBLEAU_CAM01-VIGNETTE-1.jpg\" \/>\n\t<meta property=\"og:image:width\" content=\"675\" \/>\n\t<meta property=\"og:image:height\" content=\"675\" \/>\n\t<meta property=\"og:image:type\" content=\"image\/jpeg\" \/>\n<meta name=\"twitter:card\" content=\"summary_large_image\" \/>\n<meta name=\"twitter:label1\" content=\"Dur\u00e9e de lecture estim\u00e9e\" \/>\n\t<meta name=\"twitter:data1\" content=\"4 minutes\" \/>\n<script type=\"application\/ld+json\" class=\"yoast-schema-graph\">{\"@context\":\"https:\/\/schema.org\",\"@graph\":[{\"@type\":\"WebPage\",\"@id\":\"https:\/\/opusurbain.com\/index.php\/project\/parc-des-subsistancescentralite-identite-reinterpretee-nature__fontainebleau\/\",\"url\":\"https:\/\/opusurbain.com\/index.php\/project\/parc-des-subsistancescentralite-identite-reinterpretee-nature__fontainebleau\/\",\"name\":\"Parc des Subsistances Centralit\u00e9, Identit\u00e9 r\u00e9interpr\u00e9t\u00e9e, Nature __ FONTAINEBLEAU - Opus Urbain\",\"isPartOf\":{\"@id\":\"https:\/\/opusurbain.com\/#website\"},\"primaryImageOfPage\":{\"@id\":\"https:\/\/opusurbain.com\/index.php\/project\/parc-des-subsistancescentralite-identite-reinterpretee-nature__fontainebleau\/#primaryimage\"},\"image\":{\"@id\":\"https:\/\/opusurbain.com\/index.php\/project\/parc-des-subsistancescentralite-identite-reinterpretee-nature__fontainebleau\/#primaryimage\"},\"thumbnailUrl\":\"https:\/\/opusurbain.com\/wp-content\/uploads\/2021\/04\/200918_FIDUCIM_FONTAINEBLEAU_CAM01-VIGNETTE-1.jpg\",\"datePublished\":\"2022-09-26T13:17:39+00:00\",\"dateModified\":\"2022-09-26T13:17:41+00:00\",\"breadcrumb\":{\"@id\":\"https:\/\/opusurbain.com\/index.php\/project\/parc-des-subsistancescentralite-identite-reinterpretee-nature__fontainebleau\/#breadcrumb\"},\"inLanguage\":\"fr-FR\",\"potentialAction\":[{\"@type\":\"ReadAction\",\"target\":[\"https:\/\/opusurbain.com\/index.php\/project\/parc-des-subsistancescentralite-identite-reinterpretee-nature__fontainebleau\/\"]}]},{\"@type\":\"ImageObject\",\"inLanguage\":\"fr-FR\",\"@id\":\"https:\/\/opusurbain.com\/index.php\/project\/parc-des-subsistancescentralite-identite-reinterpretee-nature__fontainebleau\/#primaryimage\",\"url\":\"https:\/\/opusurbain.com\/wp-content\/uploads\/2021\/04\/200918_FIDUCIM_FONTAINEBLEAU_CAM01-VIGNETTE-1.jpg\",\"contentUrl\":\"https:\/\/opusurbain.com\/wp-content\/uploads\/2021\/04\/200918_FIDUCIM_FONTAINEBLEAU_CAM01-VIGNETTE-1.jpg\",\"width\":675,\"height\":675},{\"@type\":\"BreadcrumbList\",\"@id\":\"https:\/\/opusurbain.com\/index.php\/project\/parc-des-subsistancescentralite-identite-reinterpretee-nature__fontainebleau\/#breadcrumb\",\"itemListElement\":[{\"@type\":\"ListItem\",\"position\":1,\"name\":\"Accueil\",\"item\":\"https:\/\/opusurbain.com\/\"},{\"@type\":\"ListItem\",\"position\":2,\"name\":\"Projets\",\"item\":\"https:\/\/opusurbain.com\/index.php\/project\/\"},{\"@type\":\"ListItem\",\"position\":3,\"name\":\"Parc des SubsistancesCentralit\u00e9, Identit\u00e9 r\u00e9interpr\u00e9t\u00e9e, Nature__FONTAINEBLEAU\"}]},{\"@type\":\"WebSite\",\"@id\":\"https:\/\/opusurbain.com\/#website\",\"url\":\"https:\/\/opusurbain.com\/\",\"name\":\"Opus Urbain\",\"description\":\"paysage\/urbanisme\/\u00e9cologie\",\"potentialAction\":[{\"@type\":\"SearchAction\",\"target\":{\"@type\":\"EntryPoint\",\"urlTemplate\":\"https:\/\/opusurbain.com\/?s={search_term_string}\"},\"query-input\":{\"@type\":\"PropertyValueSpecification\",\"valueRequired\":true,\"valueName\":\"search_term_string\"}}],\"inLanguage\":\"fr-FR\"}]}<\/script>\n<!-- \/ Yoast SEO plugin. -->","yoast_head_json":{"title":"Parc des SubsistancesCentralit\u00e9, Identit\u00e9 r\u00e9interpr\u00e9t\u00e9e, Nature__FONTAINEBLEAU - Opus Urbain","robots":{"index":"index","follow":"follow","max-snippet":"max-snippet:-1","max-image-preview":"max-image-preview:large","max-video-preview":"max-video-preview:-1"},"canonical":"https:\/\/opusurbain.com\/index.php\/project\/parc-des-subsistancescentralite-identite-reinterpretee-nature__fontainebleau\/","og_locale":"fr_FR","og_type":"article","og_title":"Parc des SubsistancesCentralit\u00e9, Identit\u00e9 r\u00e9interpr\u00e9t\u00e9e, Nature__FONTAINEBLEAU - Opus Urbain","og_description":"Parc des Subsistances VILLE DE FONTAINEBLEAU CENTRALITE, IDENTITE REINTERPRETEE, NATURE PROGRAMME : Reconversion du site des Subsistances en polarit\u00e9 urbaine contemporaine du nouveau quartier Fontainebleau sud. CONTEXTE : Ville de Fontainebleau, entre le parc du Ch\u00e2teau et la For\u00eat remarquable SUPERFICIE : 4.5 ha CO\u00dbTS DES TRAVAUX : En cours de d\u00e9finition MAITRISE d\u2019OUVRAGE : [&hellip;]","og_url":"https:\/\/opusurbain.com\/index.php\/project\/parc-des-subsistancescentralite-identite-reinterpretee-nature__fontainebleau\/","og_site_name":"Opus Urbain","article_modified_time":"2022-09-26T13:17:41+00:00","og_image":[{"width":675,"height":675,"url":"https:\/\/opusurbain.com\/wp-content\/uploads\/2021\/04\/200918_FIDUCIM_FONTAINEBLEAU_CAM01-VIGNETTE-1.jpg","type":"image\/jpeg"}],"twitter_card":"summary_large_image","twitter_misc":{"Dur\u00e9e de lecture estim\u00e9e":"4 minutes"},"schema":{"@context":"https:\/\/schema.org","@graph":[{"@type":"WebPage","@id":"https:\/\/opusurbain.com\/index.php\/project\/parc-des-subsistancescentralite-identite-reinterpretee-nature__fontainebleau\/","url":"https:\/\/opusurbain.com\/index.php\/project\/parc-des-subsistancescentralite-identite-reinterpretee-nature__fontainebleau\/","name":"Parc des Subsistances Centralit\u00e9, Identit\u00e9 r\u00e9interpr\u00e9t\u00e9e, Nature __ FONTAINEBLEAU - Opus Urbain","isPartOf":{"@id":"https:\/\/opusurbain.com\/#website"},"primaryImageOfPage":{"@id":"https:\/\/opusurbain.com\/index.php\/project\/parc-des-subsistancescentralite-identite-reinterpretee-nature__fontainebleau\/#primaryimage"},"image":{"@id":"https:\/\/opusurbain.com\/index.php\/project\/parc-des-subsistancescentralite-identite-reinterpretee-nature__fontainebleau\/#primaryimage"},"thumbnailUrl":"https:\/\/opusurbain.com\/wp-content\/uploads\/2021\/04\/200918_FIDUCIM_FONTAINEBLEAU_CAM01-VIGNETTE-1.jpg","datePublished":"2022-09-26T13:17:39+00:00","dateModified":"2022-09-26T13:17:41+00:00","breadcrumb":{"@id":"https:\/\/opusurbain.com\/index.php\/project\/parc-des-subsistancescentralite-identite-reinterpretee-nature__fontainebleau\/#breadcrumb"},"inLanguage":"fr-FR","potentialAction":[{"@type":"ReadAction","target":["https:\/\/opusurbain.com\/index.php\/project\/parc-des-subsistancescentralite-identite-reinterpretee-nature__fontainebleau\/"]}]},{"@type":"ImageObject","inLanguage":"fr-FR","@id":"https:\/\/opusurbain.com\/index.php\/project\/parc-des-subsistancescentralite-identite-reinterpretee-nature__fontainebleau\/#primaryimage","url":"https:\/\/opusurbain.com\/wp-content\/uploads\/2021\/04\/200918_FIDUCIM_FONTAINEBLEAU_CAM01-VIGNETTE-1.jpg","contentUrl":"https:\/\/opusurbain.com\/wp-content\/uploads\/2021\/04\/200918_FIDUCIM_FONTAINEBLEAU_CAM01-VIGNETTE-1.jpg","width":675,"height":675},{"@type":"BreadcrumbList","@id":"https:\/\/opusurbain.com\/index.php\/project\/parc-des-subsistancescentralite-identite-reinterpretee-nature__fontainebleau\/#breadcrumb","itemListElement":[{"@type":"ListItem","position":1,"name":"Accueil","item":"https:\/\/opusurbain.com\/"},{"@type":"ListItem","position":2,"name":"Projets","item":"https:\/\/opusurbain.com\/index.php\/project\/"},{"@type":"ListItem","position":3,"name":"Parc des SubsistancesCentralit\u00e9, Identit\u00e9 r\u00e9interpr\u00e9t\u00e9e, Nature__FONTAINEBLEAU"}]},{"@type":"WebSite","@id":"https:\/\/opusurbain.com\/#website","url":"https:\/\/opusurbain.com\/","name":"Opus Urbain","description":"paysage\/urbanisme\/\u00e9cologie","potentialAction":[{"@type":"SearchAction","target":{"@type":"EntryPoint","urlTemplate":"https:\/\/opusurbain.com\/?s={search_term_string}"},"query-input":{"@type":"PropertyValueSpecification","valueRequired":true,"valueName":"search_term_string"}}],"inLanguage":"fr-FR"}]}},"_links":{"self":[{"href":"https:\/\/opusurbain.com\/index.php\/wp-json\/wp\/v2\/project\/40543","targetHints":{"allow":["GET"]}}],"collection":[{"href":"https:\/\/opusurbain.com\/index.php\/wp-json\/wp\/v2\/project"}],"about":[{"href":"https:\/\/opusurbain.com\/index.php\/wp-json\/wp\/v2\/types\/project"}],"author":[{"embeddable":true,"href":"https:\/\/opusurbain.com\/index.php\/wp-json\/wp\/v2\/users\/2"}],"replies":[{"embeddable":true,"href":"https:\/\/opusurbain.com\/index.php\/wp-json\/wp\/v2\/comments?post=40543"}],"version-history":[{"count":0,"href":"https:\/\/opusurbain.com\/index.php\/wp-json\/wp\/v2\/project\/40543\/revisions"}],"wp:featuredmedia":[{"embeddable":true,"href":"https:\/\/opusurbain.com\/index.php\/wp-json\/wp\/v2\/media\/40546"}],"wp:attachment":[{"href":"https:\/\/opusurbain.com\/index.php\/wp-json\/wp\/v2\/media?parent=40543"}],"wp:term":[{"taxonomy":"project_category","embeddable":true,"href":"https:\/\/opusurbain.com\/index.php\/wp-json\/wp\/v2\/project_category?post=40543"},{"taxonomy":"project_tag","embeddable":true,"href":"https:\/\/opusurbain.com\/index.php\/wp-json\/wp\/v2\/project_tag?post=40543"}],"curies":[{"name":"wp","href":"https:\/\/api.w.org\/{rel}","templated":true}]}}