{"id":36955,"date":"2022-09-26T15:16:46","date_gmt":"2022-09-26T13:16:46","guid":{"rendered":"https:\/\/opusurbain.com\/?post_type=project&#038;p=36955"},"modified":"2023-11-06T15:03:07","modified_gmt":"2023-11-06T14:03:07","slug":"quartier-saint-michel-evreux","status":"publish","type":"project","link":"https:\/\/opusurbain.com\/index.php\/project\/quartier-saint-michel-evreux\/","title":{"rendered":"<div id=\"vignette\"><h1>Quartier Saint Michel<\/h1><br><h3>Cadre de vie retrouv\u00e9<\/h3><h4>__<\/h4><br><span>EVREUX<\/span><\/div>"},"content":{"rendered":"<p>[et_pb_section fb_built=\u00a0\u00bb1&Prime; _builder_version=\u00a0\u00bb4.16&Prime; global_colors_info=\u00a0\u00bb{}\u00a0\u00bb][et_pb_row _builder_version=\u00a0\u00bb4.16&Prime; max_width=\u00a0\u00bb1200px\u00a0\u00bb use_custom_width=\u00a0\u00bbon\u00a0\u00bb custom_width_px=\u00a0\u00bb1200px\u00a0\u00bb global_colors_info=\u00a0\u00bb{}\u00a0\u00bb][et_pb_column type=\u00a0\u00bb4_4&Prime; _builder_version=\u00a0\u00bb4.16&Prime; custom_padding=\u00a0\u00bb|||\u00a0\u00bb global_colors_info=\u00a0\u00bb{}\u00a0\u00bb custom_padding__hover=\u00a0\u00bb|||\u00a0\u00bb][et_pb_image src=\u00a0\u00bbhttps:\/\/opusurbain.com\/wp-content\/uploads\/2023\/11\/IMAGE-01_BANDEAU-3-scaled.jpg\u00a0\u00bb title_text=\u00a0\u00bbIMAGE 01_BANDEAU\u00a0\u00bb force_fullwidth=\u00a0\u00bbon\u00a0\u00bb align_tablet=\u00a0\u00bbcenter\u00a0\u00bb align_phone=\u00a0\u00bb\u00a0\u00bb align_last_edited=\u00a0\u00bbon|desktop\u00a0\u00bb _builder_version=\u00a0\u00bb4.19.4&Prime; global_colors_info=\u00a0\u00bb{}\u00a0\u00bb][\/et_pb_image][\/et_pb_column][\/et_pb_row][et_pb_row column_structure=\u00a0\u00bb1_2,1_2&Prime; _builder_version=\u00a0\u00bb4.16&Prime; max_width=\u00a0\u00bb1200px\u00a0\u00bb custom_margin=\u00a0\u00bb0px||||false|false\u00a0\u00bb custom_padding=\u00a0\u00bb0px||||false|false\u00a0\u00bb use_custom_width=\u00a0\u00bbon\u00a0\u00bb custom_width_px=\u00a0\u00bb1200px\u00a0\u00bb global_colors_info=\u00a0\u00bb{}\u00a0\u00bb][et_pb_column type=\u00a0\u00bb1_2&Prime; _builder_version=\u00a0\u00bb4.16&Prime; custom_padding=\u00a0\u00bb|||\u00a0\u00bb global_colors_info=\u00a0\u00bb{}\u00a0\u00bb custom_padding__hover=\u00a0\u00bb|||\u00a0\u00bb][et_pb_text module_id=\u00a0\u00bbprojet\u00a0\u00bb _builder_version=\u00a0\u00bb4.19.4&Prime; text_font=\u00a0\u00bb||||||||\u00a0\u00bb text_line_height=\u00a0\u00bb1.1em\u00a0\u00bb custom_margin=\u00a0\u00bb0px||||false|false\u00a0\u00bb custom_padding=\u00a0\u00bb0px||||false|false\u00a0\u00bb hover_enabled=\u00a0\u00bb0&Prime; locked=\u00a0\u00bboff\u00a0\u00bb global_colors_info=\u00a0\u00bb{}\u00a0\u00bb sticky_enabled=\u00a0\u00bb0&Prime;]<\/p>\n<div class=\"page\" title=\"Page 4\">\n<div class=\"layoutArea\">\n<div class=\"column\">\n<h1>Quartier Saint Michel<\/h1>\n<h2>VILLE D\u2019EVREUX<\/h2>\n<h3><span style=\"color: #84bd00; font-size: 35px;\">CADRE DE VIE RETROUVE<\/span><\/h3>\n<p><strong>PROGRAMME :<\/strong>\u00a0Am\u00e9nagement de la place Aim\u00e9 Doucerain, de la rue Sacquenville, rue de Neubourg<\/p>\n<p><strong>CONTEXTE :<\/strong>\u00a0C\u0153ur de quartier Saint Michel- Ville d\u2019Evreux (27)<\/p>\n<p><strong>SUPERFICIE :<\/strong>\u00a012.500m2<\/p>\n<p><strong>MONTANT DE TRAVAUX :<\/strong>\u00a01.9M\u20ac HT<\/p>\n<p><strong>MAI\u0302TRISE D\u2019OUVRAGE :<\/strong>\u00a0\u00c9vreux Porte de Normandie agglom\u00e9ration et Ville d\u2019\u00c9vreux.<\/p>\n<p><strong>MAI\u0302TRISE D\u2019\u0152UVRE :<\/strong>\u00a0OPUS URBAIN (paysagiste urbaniste) \/ CABINET MERLIN Ing\u00e9nierie<\/p>\n<p><strong>MISSION :<\/strong>\u00a0Marche\u0301 public de ma\u00eetrise d\u2019\u0153uvre compl\u00e8te infra<\/p>\n<p><strong>CALENDRIER :<\/strong> Projet livr\u00e9 en octobre 2022<\/p>\n<\/div>\n<\/div>\n<\/div>\n<p>[\/et_pb_text][et_pb_text _builder_version=\u00a0\u00bb4.19.4&Prime; text_line_height=\u00a0\u00bb1.2em\u00a0\u00bb ul_font_size=\u00a0\u00bb16px\u00a0\u00bb ul_line_height=\u00a0\u00bb1.2em\u00a0\u00bb hover_enabled=\u00a0\u00bb0&Prime; locked=\u00a0\u00bboff\u00a0\u00bb global_colors_info=\u00a0\u00bb{}\u00a0\u00bb sticky_enabled=\u00a0\u00bb0&Prime;]<\/p>\n<div class=\"page\" title=\"Page 4\">\n<div class=\"layoutArea\">\n<div class=\"column\">\n<p style=\"text-align: justify;\"><strong>NATURE DE L&rsquo;INTERVENTION :<\/strong><\/p>\n<p style=\"text-align: justify;\">Le plan guide du quartier de Saint Michel, en cours de r\u00e9alisation par l\u2019agence OPUS URBAIN, a permis de hi\u00e9rarchiser les secteurs prioritaires d\u2019intervention \u00e0 l\u2019\u00e9chelle du quartier.<\/p>\n<p style=\"text-align: justify;\">Une mission de ma\u00eetrise d\u2019\u0153uvre a donc \u00e9t\u00e9 lanc\u00e9e sur l\u2019entr\u00e9e de quartier et les deux rues commer\u00e7antes en vue d\u2019arriver aux objectifs suivants\u00a0:<\/p>\n<ul style=\"text-align: justify;\">\n<li><strong>Retisser une identit\u00e9<\/strong> autour de l\u2019id\u00e9e de la \u00ab\u00a0cit\u00e9 jardin\u00a0\u00bb, du <strong>\u00ab\u00a0bois habit\u00e9\u00a0\u00bb :<\/strong>\n<ul>\n<li>Un cadre de vie fortement paysag\u00e9. Une trame arbor\u00e9e qui se d\u00e9veloppe dans les espaces publics et les parcelles priv\u00e9es. Un soin \u00e0 apporter au traitement des limites priv\u00e9es.<\/li>\n<li>Une \u00e9criture de projet naturalisante (mat\u00e9riaux, mobilier, couleurs)<\/li>\n<\/ul>\n<\/li>\n<li>Une entr\u00e9e de quartier, <strong>vitrine de cette identit\u00e9<\/strong> :\n<ul>\n<li>Retrouver une place centrale, attractive, vivante et conviviale<\/li>\n<li>Offrir de nouveaux usages et accueillir les temps forts du quartier<\/li>\n<\/ul>\n<\/li>\n<li>Valoriser et conforter la <strong>pr\u00e9sence commerciale<\/strong> sur les deux rues :\n<ul>\n<li>Redonner de la qualit\u00e9 et de l\u2019espace aux secteurs commer\u00e7ants. Qualit\u00e9 d\u2019am\u00e9nagement, confort d\u2019usages, largeur de trottoir, accessibilit\u00e9 PMR, \u00e9clairage etc.<\/li>\n<li>Permettre l\u2019extension des commerces sur le domaine public : terrasses caf\u00e9\/ fleuriste etc.<\/li>\n<\/ul>\n<\/li>\n<\/ul>\n<p style=\"text-align: justify;\">OPUS URBAIN a donc propos\u00e9 deux sc\u00e9narios d\u2019am\u00e9nagement de l\u2019entr\u00e9e de ville, ainsi que la requalification des rues de Neubourg et de Sacquenville, en vue de redonner une qualit\u00e9 et une attractivit\u00e9 \u00e0 ce secteur, qui, \u00e0 travers le renouvellement de la ZAC Lafayette et du quartier r\u00e9sidentiel des Chalets stars, va accueillir 800 habitants suppl\u00e9mentaires dans les quatre ans \u00e0 venir.<\/p>\n<\/div>\n<\/div>\n<\/div>\n<p>[\/et_pb_text][\/et_pb_column][et_pb_column type=\u00a0\u00bb1_2&Prime; _builder_version=\u00a0\u00bb4.16&Prime; custom_padding=\u00a0\u00bb|||\u00a0\u00bb global_colors_info=\u00a0\u00bb{}\u00a0\u00bb custom_padding__hover=\u00a0\u00bb|||\u00a0\u00bb][et_pb_image src=\u00a0\u00bbhttps:\/\/opusurbain.com\/wp-content\/uploads\/2023\/11\/IMAGE-02-1-scaled.jpg\u00a0\u00bb title_text=\u00a0\u00bbIMAGE 02&Prime; align_tablet=\u00a0\u00bbcenter\u00a0\u00bb align_phone=\u00a0\u00bb\u00a0\u00bb align_last_edited=\u00a0\u00bbon|desktop\u00a0\u00bb _builder_version=\u00a0\u00bb4.19.4&Prime; custom_margin=\u00a0\u00bb||13px||false|false\u00a0\u00bb global_colors_info=\u00a0\u00bb{}\u00a0\u00bb][\/et_pb_image][et_pb_image src=\u00a0\u00bbhttps:\/\/opusurbain.com\/wp-content\/uploads\/2023\/11\/IMAGE-03-1-scaled.jpg\u00a0\u00bb title_text=\u00a0\u00bbIMAGE 03&Prime; align_tablet=\u00a0\u00bbcenter\u00a0\u00bb align_phone=\u00a0\u00bb\u00a0\u00bb align_last_edited=\u00a0\u00bbon|desktop\u00a0\u00bb _builder_version=\u00a0\u00bb4.19.4&Prime; custom_margin=\u00a0\u00bb||13px||false|false\u00a0\u00bb global_colors_info=\u00a0\u00bb{}\u00a0\u00bb][\/et_pb_image][et_pb_image src=\u00a0\u00bbhttps:\/\/opusurbain.com\/wp-content\/uploads\/2023\/11\/IMAGE-04-1-scaled.jpg\u00a0\u00bb title_text=\u00a0\u00bbIMAGE 04&Prime; align_tablet=\u00a0\u00bbcenter\u00a0\u00bb align_phone=\u00a0\u00bb\u00a0\u00bb align_last_edited=\u00a0\u00bbon|desktop\u00a0\u00bb _builder_version=\u00a0\u00bb4.19.4&Prime; custom_margin=\u00a0\u00bb0px||13px||false|false\u00a0\u00bb global_colors_info=\u00a0\u00bb{}\u00a0\u00bb][\/et_pb_image][et_pb_image src=\u00a0\u00bbhttps:\/\/opusurbain.com\/wp-content\/uploads\/2023\/11\/IMAGE-05-1-scaled.jpg\u00a0\u00bb title_text=\u00a0\u00bbIMAGE 05&Prime; align_tablet=\u00a0\u00bbcenter\u00a0\u00bb align_phone=\u00a0\u00bb\u00a0\u00bb align_last_edited=\u00a0\u00bbon|desktop\u00a0\u00bb _builder_version=\u00a0\u00bb4.19.4&Prime; custom_margin=\u00a0\u00bb||13px||false|false\u00a0\u00bb global_colors_info=\u00a0\u00bb{}\u00a0\u00bb][\/et_pb_image][et_pb_image src=\u00a0\u00bbhttps:\/\/opusurbain.com\/wp-content\/uploads\/2023\/11\/IMAGE-06-1-scaled.jpg\u00a0\u00bb title_text=\u00a0\u00bbIMAGE 06&Prime; align_tablet=\u00a0\u00bbcenter\u00a0\u00bb align_phone=\u00a0\u00bb\u00a0\u00bb align_last_edited=\u00a0\u00bbon|desktop\u00a0\u00bb _builder_version=\u00a0\u00bb4.19.4&Prime; custom_margin=\u00a0\u00bb||13px||false|false\u00a0\u00bb global_colors_info=\u00a0\u00bb{}\u00a0\u00bb][\/et_pb_image][et_pb_image src=\u00a0\u00bbhttps:\/\/opusurbain.com\/wp-content\/uploads\/2023\/11\/IMAGE-08-1-scaled.jpg\u00a0\u00bb title_text=\u00a0\u00bbIMAGE 08&Prime; _builder_version=\u00a0\u00bb4.19.4&Prime; _module_preset=\u00a0\u00bbdefault\u00a0\u00bb custom_margin=\u00a0\u00bb||13px||false|false\u00a0\u00bb global_colors_info=\u00a0\u00bb{}\u00a0\u00bb][\/et_pb_image][et_pb_image src=\u00a0\u00bbhttps:\/\/opusurbain.com\/wp-content\/uploads\/2023\/11\/IMAGE-11-scaled.jpg\u00a0\u00bb title_text=\u00a0\u00bbIMAGE 11&Prime; align_tablet=\u00a0\u00bbcenter\u00a0\u00bb align_phone=\u00a0\u00bb\u00a0\u00bb align_last_edited=\u00a0\u00bbon|desktop\u00a0\u00bb _builder_version=\u00a0\u00bb4.19.4&Prime; custom_margin=\u00a0\u00bb||13px||false|false\u00a0\u00bb global_colors_info=\u00a0\u00bb{}\u00a0\u00bb][\/et_pb_image][et_pb_image src=\u00a0\u00bbhttps:\/\/opusurbain.com\/wp-content\/uploads\/2022\/09\/SAINT-MICHEL_IMAGE-7-1-scaled.jpg\u00a0\u00bb align_tablet=\u00a0\u00bbcenter\u00a0\u00bb align_phone=\u00a0\u00bb\u00a0\u00bb align_last_edited=\u00a0\u00bbon|desktop\u00a0\u00bb _builder_version=\u00a0\u00bb4.17.4&Prime; global_colors_info=\u00a0\u00bb{}\u00a0\u00bb][\/et_pb_image][\/et_pb_column][\/et_pb_row][\/et_pb_section]<\/p>\n","protected":false},"excerpt":{"rendered":"<p>Quartier Saint Michel VILLE D\u2019EVREUX CADRE DE VIE RETROUVE PROGRAMME :\u00a0Am\u00e9nagement de la place Aim\u00e9 Doucerain, de la rue Sacquenville, rue de Neubourg CONTEXTE :\u00a0C\u0153ur de quartier Saint Michel- Ville d\u2019Evreux (27) SUPERFICIE :\u00a012.500m2 MONTANT DE TRAVAUX :\u00a01.9M\u20ac HT MAI\u0302TRISE D\u2019OUVRAGE :\u00a0\u00c9vreux Porte de Normandie agglom\u00e9ration et Ville d\u2019\u00c9vreux. MAI\u0302TRISE D\u2019\u0152UVRE :\u00a0OPUS URBAIN (paysagiste urbaniste) [&hellip;]<\/p>\n","protected":false},"author":2,"featured_media":91568,"comment_status":"open","ping_status":"closed","template":"","meta":{"_et_pb_use_builder":"on","_et_pb_old_content":"","_et_gb_content_width":"","footnotes":""},"project_category":[9],"project_tag":[],"class_list":["post-36955","project","type-project","status-publish","has-post-thumbnail","hentry","project_category-espaces-publics"],"yoast_head":"<!-- This site is optimized with the Yoast SEO plugin v26.7 - https:\/\/yoast.com\/wordpress\/plugins\/seo\/ -->\n<title>Quartier Saint MichelCadre de vie retrouv\u00e9__EVREUX - Opus Urbain<\/title>\n<meta name=\"robots\" content=\"index, follow, max-snippet:-1, max-image-preview:large, max-video-preview:-1\" \/>\n<link rel=\"canonical\" href=\"https:\/\/opusurbain.com\/index.php\/project\/quartier-saint-michel-evreux\/\" \/>\n<meta property=\"og:locale\" content=\"fr_FR\" \/>\n<meta property=\"og:type\" content=\"article\" \/>\n<meta property=\"og:title\" content=\"Quartier Saint MichelCadre de vie retrouv\u00e9__EVREUX - Opus Urbain\" \/>\n<meta property=\"og:description\" content=\"Quartier Saint Michel VILLE D\u2019EVREUX CADRE DE VIE RETROUVE PROGRAMME :\u00a0Am\u00e9nagement de la place Aim\u00e9 Doucerain, de la rue Sacquenville, rue de Neubourg CONTEXTE :\u00a0C\u0153ur de quartier Saint Michel- Ville d\u2019Evreux (27) SUPERFICIE :\u00a012.500m2 MONTANT DE TRAVAUX :\u00a01.9M\u20ac HT MAI\u0302TRISE D\u2019OUVRAGE :\u00a0\u00c9vreux Porte de Normandie agglom\u00e9ration et Ville d\u2019\u00c9vreux. MAI\u0302TRISE D\u2019\u0152UVRE :\u00a0OPUS URBAIN (paysagiste urbaniste) [&hellip;]\" \/>\n<meta property=\"og:url\" content=\"https:\/\/opusurbain.com\/index.php\/project\/quartier-saint-michel-evreux\/\" \/>\n<meta property=\"og:site_name\" content=\"Opus Urbain\" \/>\n<meta property=\"article:modified_time\" content=\"2023-11-06T14:03:07+00:00\" \/>\n<meta property=\"og:image\" content=\"https:\/\/opusurbain.com\/wp-content\/uploads\/2019\/02\/SAINT-MICHEL_VIGNETTE.jpg\" \/>\n\t<meta property=\"og:image:width\" content=\"675\" \/>\n\t<meta property=\"og:image:height\" content=\"675\" \/>\n\t<meta property=\"og:image:type\" content=\"image\/jpeg\" \/>\n<meta name=\"twitter:card\" content=\"summary_large_image\" \/>\n<meta name=\"twitter:label1\" content=\"Dur\u00e9e de lecture estim\u00e9e\" \/>\n\t<meta name=\"twitter:data1\" content=\"3 minutes\" \/>\n<script type=\"application\/ld+json\" class=\"yoast-schema-graph\">{\"@context\":\"https:\/\/schema.org\",\"@graph\":[{\"@type\":\"WebPage\",\"@id\":\"https:\/\/opusurbain.com\/index.php\/project\/quartier-saint-michel-evreux\/\",\"url\":\"https:\/\/opusurbain.com\/index.php\/project\/quartier-saint-michel-evreux\/\",\"name\":\"Quartier Saint Michel Cadre de vie retrouv\u00e9 __ EVREUX - Opus Urbain\",\"isPartOf\":{\"@id\":\"https:\/\/opusurbain.com\/#website\"},\"primaryImageOfPage\":{\"@id\":\"https:\/\/opusurbain.com\/index.php\/project\/quartier-saint-michel-evreux\/#primaryimage\"},\"image\":{\"@id\":\"https:\/\/opusurbain.com\/index.php\/project\/quartier-saint-michel-evreux\/#primaryimage\"},\"thumbnailUrl\":\"https:\/\/opusurbain.com\/wp-content\/uploads\/2019\/02\/SAINT-MICHEL_VIGNETTE.jpg\",\"datePublished\":\"2022-09-26T13:16:46+00:00\",\"dateModified\":\"2023-11-06T14:03:07+00:00\",\"breadcrumb\":{\"@id\":\"https:\/\/opusurbain.com\/index.php\/project\/quartier-saint-michel-evreux\/#breadcrumb\"},\"inLanguage\":\"fr-FR\",\"potentialAction\":[{\"@type\":\"ReadAction\",\"target\":[\"https:\/\/opusurbain.com\/index.php\/project\/quartier-saint-michel-evreux\/\"]}]},{\"@type\":\"ImageObject\",\"inLanguage\":\"fr-FR\",\"@id\":\"https:\/\/opusurbain.com\/index.php\/project\/quartier-saint-michel-evreux\/#primaryimage\",\"url\":\"https:\/\/opusurbain.com\/wp-content\/uploads\/2019\/02\/SAINT-MICHEL_VIGNETTE.jpg\",\"contentUrl\":\"https:\/\/opusurbain.com\/wp-content\/uploads\/2019\/02\/SAINT-MICHEL_VIGNETTE.jpg\",\"width\":675,\"height\":675},{\"@type\":\"BreadcrumbList\",\"@id\":\"https:\/\/opusurbain.com\/index.php\/project\/quartier-saint-michel-evreux\/#breadcrumb\",\"itemListElement\":[{\"@type\":\"ListItem\",\"position\":1,\"name\":\"Accueil\",\"item\":\"https:\/\/opusurbain.com\/\"},{\"@type\":\"ListItem\",\"position\":2,\"name\":\"Projets\",\"item\":\"https:\/\/opusurbain.com\/index.php\/project\/\"},{\"@type\":\"ListItem\",\"position\":3,\"name\":\"Quartier Saint MichelCadre de vie retrouv\u00e9__EVREUX\"}]},{\"@type\":\"WebSite\",\"@id\":\"https:\/\/opusurbain.com\/#website\",\"url\":\"https:\/\/opusurbain.com\/\",\"name\":\"Opus Urbain\",\"description\":\"paysage\/urbanisme\/\u00e9cologie\",\"potentialAction\":[{\"@type\":\"SearchAction\",\"target\":{\"@type\":\"EntryPoint\",\"urlTemplate\":\"https:\/\/opusurbain.com\/?s={search_term_string}\"},\"query-input\":{\"@type\":\"PropertyValueSpecification\",\"valueRequired\":true,\"valueName\":\"search_term_string\"}}],\"inLanguage\":\"fr-FR\"}]}<\/script>\n<!-- \/ Yoast SEO plugin. -->","yoast_head_json":{"title":"Quartier Saint MichelCadre de vie retrouv\u00e9__EVREUX - Opus Urbain","robots":{"index":"index","follow":"follow","max-snippet":"max-snippet:-1","max-image-preview":"max-image-preview:large","max-video-preview":"max-video-preview:-1"},"canonical":"https:\/\/opusurbain.com\/index.php\/project\/quartier-saint-michel-evreux\/","og_locale":"fr_FR","og_type":"article","og_title":"Quartier Saint MichelCadre de vie retrouv\u00e9__EVREUX - Opus Urbain","og_description":"Quartier Saint Michel VILLE D\u2019EVREUX CADRE DE VIE RETROUVE PROGRAMME :\u00a0Am\u00e9nagement de la place Aim\u00e9 Doucerain, de la rue Sacquenville, rue de Neubourg CONTEXTE :\u00a0C\u0153ur de quartier Saint Michel- Ville d\u2019Evreux (27) SUPERFICIE :\u00a012.500m2 MONTANT DE TRAVAUX :\u00a01.9M\u20ac HT MAI\u0302TRISE D\u2019OUVRAGE :\u00a0\u00c9vreux Porte de Normandie agglom\u00e9ration et Ville d\u2019\u00c9vreux. MAI\u0302TRISE D\u2019\u0152UVRE :\u00a0OPUS URBAIN (paysagiste urbaniste) [&hellip;]","og_url":"https:\/\/opusurbain.com\/index.php\/project\/quartier-saint-michel-evreux\/","og_site_name":"Opus Urbain","article_modified_time":"2023-11-06T14:03:07+00:00","og_image":[{"width":675,"height":675,"url":"https:\/\/opusurbain.com\/wp-content\/uploads\/2019\/02\/SAINT-MICHEL_VIGNETTE.jpg","type":"image\/jpeg"}],"twitter_card":"summary_large_image","twitter_misc":{"Dur\u00e9e de lecture estim\u00e9e":"3 minutes"},"schema":{"@context":"https:\/\/schema.org","@graph":[{"@type":"WebPage","@id":"https:\/\/opusurbain.com\/index.php\/project\/quartier-saint-michel-evreux\/","url":"https:\/\/opusurbain.com\/index.php\/project\/quartier-saint-michel-evreux\/","name":"Quartier Saint Michel Cadre de vie retrouv\u00e9 __ EVREUX - Opus Urbain","isPartOf":{"@id":"https:\/\/opusurbain.com\/#website"},"primaryImageOfPage":{"@id":"https:\/\/opusurbain.com\/index.php\/project\/quartier-saint-michel-evreux\/#primaryimage"},"image":{"@id":"https:\/\/opusurbain.com\/index.php\/project\/quartier-saint-michel-evreux\/#primaryimage"},"thumbnailUrl":"https:\/\/opusurbain.com\/wp-content\/uploads\/2019\/02\/SAINT-MICHEL_VIGNETTE.jpg","datePublished":"2022-09-26T13:16:46+00:00","dateModified":"2023-11-06T14:03:07+00:00","breadcrumb":{"@id":"https:\/\/opusurbain.com\/index.php\/project\/quartier-saint-michel-evreux\/#breadcrumb"},"inLanguage":"fr-FR","potentialAction":[{"@type":"ReadAction","target":["https:\/\/opusurbain.com\/index.php\/project\/quartier-saint-michel-evreux\/"]}]},{"@type":"ImageObject","inLanguage":"fr-FR","@id":"https:\/\/opusurbain.com\/index.php\/project\/quartier-saint-michel-evreux\/#primaryimage","url":"https:\/\/opusurbain.com\/wp-content\/uploads\/2019\/02\/SAINT-MICHEL_VIGNETTE.jpg","contentUrl":"https:\/\/opusurbain.com\/wp-content\/uploads\/2019\/02\/SAINT-MICHEL_VIGNETTE.jpg","width":675,"height":675},{"@type":"BreadcrumbList","@id":"https:\/\/opusurbain.com\/index.php\/project\/quartier-saint-michel-evreux\/#breadcrumb","itemListElement":[{"@type":"ListItem","position":1,"name":"Accueil","item":"https:\/\/opusurbain.com\/"},{"@type":"ListItem","position":2,"name":"Projets","item":"https:\/\/opusurbain.com\/index.php\/project\/"},{"@type":"ListItem","position":3,"name":"Quartier Saint MichelCadre de vie retrouv\u00e9__EVREUX"}]},{"@type":"WebSite","@id":"https:\/\/opusurbain.com\/#website","url":"https:\/\/opusurbain.com\/","name":"Opus Urbain","description":"paysage\/urbanisme\/\u00e9cologie","potentialAction":[{"@type":"SearchAction","target":{"@type":"EntryPoint","urlTemplate":"https:\/\/opusurbain.com\/?s={search_term_string}"},"query-input":{"@type":"PropertyValueSpecification","valueRequired":true,"valueName":"search_term_string"}}],"inLanguage":"fr-FR"}]}},"_links":{"self":[{"href":"https:\/\/opusurbain.com\/index.php\/wp-json\/wp\/v2\/project\/36955","targetHints":{"allow":["GET"]}}],"collection":[{"href":"https:\/\/opusurbain.com\/index.php\/wp-json\/wp\/v2\/project"}],"about":[{"href":"https:\/\/opusurbain.com\/index.php\/wp-json\/wp\/v2\/types\/project"}],"author":[{"embeddable":true,"href":"https:\/\/opusurbain.com\/index.php\/wp-json\/wp\/v2\/users\/2"}],"replies":[{"embeddable":true,"href":"https:\/\/opusurbain.com\/index.php\/wp-json\/wp\/v2\/comments?post=36955"}],"version-history":[{"count":0,"href":"https:\/\/opusurbain.com\/index.php\/wp-json\/wp\/v2\/project\/36955\/revisions"}],"wp:featuredmedia":[{"embeddable":true,"href":"https:\/\/opusurbain.com\/index.php\/wp-json\/wp\/v2\/media\/91568"}],"wp:attachment":[{"href":"https:\/\/opusurbain.com\/index.php\/wp-json\/wp\/v2\/media?parent=36955"}],"wp:term":[{"taxonomy":"project_category","embeddable":true,"href":"https:\/\/opusurbain.com\/index.php\/wp-json\/wp\/v2\/project_category?post=36955"},{"taxonomy":"project_tag","embeddable":true,"href":"https:\/\/opusurbain.com\/index.php\/wp-json\/wp\/v2\/project_tag?post=36955"}],"curies":[{"name":"wp","href":"https:\/\/api.w.org\/{rel}","templated":true}]}}