{"id":103053,"date":"2023-11-09T15:24:40","date_gmt":"2023-11-09T14:24:40","guid":{"rendered":"https:\/\/opusurbain.com\/?post_type=project&#038;p=103053"},"modified":"2023-11-15T16:00:59","modified_gmt":"2023-11-15T15:00:59","slug":"aeroport-de-marseillepromenades-paysagees__marseille","status":"publish","type":"project","link":"https:\/\/opusurbain.com\/index.php\/project\/aeroport-de-marseillepromenades-paysagees__marseille\/","title":{"rendered":"<div id=\"vignette\"><h1>A\u00e9roport de Marseille<\/h1><h3>Promenades paysag\u00e9es<\/h3><br><h4>__<\/h4><br><span>MARSEILLE<\/span><\/div>"},"content":{"rendered":"\n\n[et_pb_section fb_built=\u00a0\u00bb1&Prime; _builder_version=\u00a0\u00bb4.16&Prime; global_colors_info=\u00a0\u00bb{}\u00a0\u00bb][et_pb_row _builder_version=\u00a0\u00bb4.16&Prime; max_width=\u00a0\u00bb1200px\u00a0\u00bb use_custom_width=\u00a0\u00bbon\u00a0\u00bb custom_width_px=\u00a0\u00bb1200px\u00a0\u00bb global_colors_info=\u00a0\u00bb{}\u00a0\u00bb][et_pb_column type=\u00a0\u00bb4_4&Prime; _builder_version=\u00a0\u00bb4.16&Prime; custom_padding=\u00a0\u00bb|||\u00a0\u00bb global_colors_info=\u00a0\u00bb{}\u00a0\u00bb custom_padding__hover=\u00a0\u00bb|||\u00a0\u00bb][et_pb_image src=\u00a0\u00bbhttps:\/\/opusurbain.com\/wp-content\/uploads\/2023\/11\/IMAGE-01_BANDEAU-4-scaled.jpg\u00a0\u00bb title_text=\u00a0\u00bbIMAGE 01_BANDEAU\u00a0\u00bb force_fullwidth=\u00a0\u00bbon\u00a0\u00bb align_tablet=\u00a0\u00bbcenter\u00a0\u00bb align_phone=\u00a0\u00bb\u00a0\u00bb align_last_edited=\u00a0\u00bbon|desktop\u00a0\u00bb _builder_version=\u00a0\u00bb4.23&Prime; hover_enabled=\u00a0\u00bb0&Prime; global_colors_info=\u00a0\u00bb{}\u00a0\u00bb sticky_enabled=\u00a0\u00bb0&Prime;][\/et_pb_image][\/et_pb_column][\/et_pb_row][et_pb_row column_structure=\u00a0\u00bb1_2,1_2&Prime; _builder_version=\u00a0\u00bb4.16&Prime; max_width=\u00a0\u00bb1200px\u00a0\u00bb custom_margin=\u00a0\u00bb0px||||false|false\u00a0\u00bb custom_padding=\u00a0\u00bb0px||||false|false\u00a0\u00bb use_custom_width=\u00a0\u00bbon\u00a0\u00bb custom_width_px=\u00a0\u00bb1200px\u00a0\u00bb global_colors_info=\u00a0\u00bb{}\u00a0\u00bb][et_pb_column type=\u00a0\u00bb1_2&Prime; _builder_version=\u00a0\u00bb4.16&Prime; custom_padding=\u00a0\u00bb|||\u00a0\u00bb global_colors_info=\u00a0\u00bb{}\u00a0\u00bb custom_padding__hover=\u00a0\u00bb|||\u00a0\u00bb][et_pb_text module_id=\u00a0\u00bbprojet\u00a0\u00bb _builder_version=\u00a0\u00bb4.23&Prime; text_font=\u00a0\u00bb||||||||\u00a0\u00bb text_line_height=\u00a0\u00bb1.1em\u00a0\u00bb custom_margin=\u00a0\u00bb0px||||false|false\u00a0\u00bb custom_padding=\u00a0\u00bb0px||||false|false\u00a0\u00bb hover_enabled=\u00a0\u00bb0&Prime; locked=\u00a0\u00bboff\u00a0\u00bb global_colors_info=\u00a0\u00bb{}\u00a0\u00bb sticky_enabled=\u00a0\u00bb0&Prime;]<div class=\"page\" title=\"Page 4\">\n<div class=\"layoutArea\">\n<div class=\"column\">\n<h1>A\u00e9roport de Marseille<\/h1>\n<h2>VILLE DE MARSEILLE<\/h2>\n<h3><span style=\"color: #84bd00; font-size: 35px;\"><b>PROMENADES PAYSAG\u00e9es<\/b><\/span><\/h3>\n<p><strong>PROGRAMME :<\/strong> Qualification des continuit\u00e9s pi\u00e9tonnes aux abords des parking P3 &amp; P4, en lien avec le parvis du Terminal T1 et T2 et le P.E.M. de l\u2019a\u00e9roport de Marseille.<\/p>\n<p><strong>CONTEXTE\u00a0:<\/strong> <span>A\u00e9roport de Marseille (13) <\/span><\/p>\n<p><span><strong>SUPERFICIE : <\/strong><\/span><span>58 250 m\u00b2<\/span><\/p>\n<p><span><strong>MONTANT DE TRAVAUX : <\/strong><\/span><span>37 970 500\u20ac HT<strong>. <\/strong>Espaces verts et arrosage\u00a0: 200 K\u20ac HT <\/span><\/p>\n<p><span><strong>MA\u00ceTRISE D\u2019OUVRAGE: <\/strong><\/span><span>A\u00e9roport Marseille Provence <\/span><\/p>\n<p><span><strong>MA\u00ceTRISE D\u2019OEUVRE: <\/strong><\/span><span>OPUS URBAIN (paysagiste urbaniste), ABA Workshop architecte (mandataire) <\/span><\/p>\n<p><span><strong>ENTREPRISES :<\/strong> GAGNE PARK\/EIFFAGE\/URBASOLAR <\/span><\/p>\n<p><span><strong>MISSION<\/strong><\/span><span> : Contrat de Construction R\u00e9alisation. Ma\u00eetrise d\u2019\u0153uvre compl\u00e8te sur l\u2019infra\u00a0: espaces verts, surfaces min\u00e9rales, \u00e9clairage<\/span><\/p>\n<p><span><strong>CALENDRIER : <\/strong><\/span><span>Chantier en cours (2023 &#8211; 2024)<\/span><\/p>\n<\/div>\n<\/div>\n<\/div>[\/et_pb_text][et_pb_text module_id=\u00a0\u00bbprojet\u00a0\u00bb _builder_version=\u00a0\u00bb4.23&Prime; text_font=\u00a0\u00bb||||||||\u00a0\u00bb text_line_height=\u00a0\u00bb1.2em\u00a0\u00bb ul_line_height=\u00a0\u00bb1.2em\u00a0\u00bb custom_margin=\u00a0\u00bb0px||||false|false\u00a0\u00bb custom_padding=\u00a0\u00bb||||false|false\u00a0\u00bb hover_enabled=\u00a0\u00bb0&Prime; locked=\u00a0\u00bboff\u00a0\u00bb global_colors_info=\u00a0\u00bb{}\u00a0\u00bb sticky_enabled=\u00a0\u00bb0&Prime;]<div class=\"page\" title=\"Page 4\">\n<div class=\"layoutArea\">\n<div class=\"column\">\n<p style=\"text-align: justify;\"><strong>NATURE DE L\u2019INTERVENTION :<\/strong><\/p>\n<p style=\"text-align: justify;\"><span>Dans la continuit\u00e9 des travaux d\u2019am\u00e9nagement du parvis des Termi\u00adnaux T1 et T2 de l\u2019a\u00e9roport, <strong>OPUS URBAIN accompagne A\u00e9roport Marseille Provence dans la qualification de son r\u00e9seau d\u2019espaces publics. <\/strong><\/span><\/p>\n<p style=\"text-align: justify;\"><span>La r\u00e9alisation de trois nouveaux parcs de stationnements en supers\u00adtructure (T4, T3A, T3B) permet de lib\u00e9rer des emprises et de proposer des continuit\u00e9s urbaines paysag\u00e9es qui offrent une qualit\u00e9, un confort de d\u00e9placement et une coh\u00e9rence au site a\u00e9roportuaire. <\/span><\/p>\n<p style=\"text-align: justify;\"><span>Les \u00ab promenades paysag\u00e8res \u00bb font \u00e9cho aux paysages m\u00e9diterra\u00adn\u00e9ens (calanques, garrigues, falaises calcaires etc.). Les architec\u00adtures aux formes et aux couleurs min\u00e9rales se m\u00ealent au traitement paysager pour former un ensemble coh\u00e9rent, identitaire. <\/span><\/p>\n<p style=\"text-align: justify;\"><span>Plusieurs s\u00e9quences sont ainsi organis\u00e9es pour accompagner les par\u00adcours des voyageurs, offrir de l\u2019ombrage et distiller fraicheur et sen\u00adteurs. Les sols et les mobiliers s\u2019inscrivent dans l\u2019\u00e9criture g\u00e9n\u00e9rale des am\u00e9nagements par leur mat\u00e9rialit\u00e9 et pr\u00e9sentent un alb\u00e9do \u00e9lev\u00e9 afin de lutter contre les effets d\u2019ilots de chaleur. <\/span><\/p>\n<p style=\"text-align: justify;\">\n<\/div>\n<\/div>\n<\/div>[\/et_pb_text][\/et_pb_column][et_pb_column type=\u00a0\u00bb1_2&Prime; _builder_version=\u00a0\u00bb4.16&Prime; custom_padding=\u00a0\u00bb|||\u00a0\u00bb global_colors_info=\u00a0\u00bb{}\u00a0\u00bb custom_padding__hover=\u00a0\u00bb|||\u00a0\u00bb][et_pb_image src=\u00a0\u00bbhttps:\/\/opusurbain.com\/wp-content\/uploads\/2023\/11\/IMAGE-02-2.jpg\u00a0\u00bb title_text=\u00a0\u00bbIMAGE 02&Prime; align=\u00a0\u00bbright\u00a0\u00bb align_tablet=\u00a0\u00bbcenter\u00a0\u00bb align_phone=\u00a0\u00bb\u00a0\u00bb align_last_edited=\u00a0\u00bbon|desktop\u00a0\u00bb _builder_version=\u00a0\u00bb4.23&Prime; min_height=\u00a0\u00bb213.7px\u00a0\u00bb custom_margin=\u00a0\u00bb15px||10px||false|false\u00a0\u00bb hover_enabled=\u00a0\u00bb0&Prime; global_colors_info=\u00a0\u00bb{}\u00a0\u00bb sticky_enabled=\u00a0\u00bb0&Prime;][\/et_pb_image][et_pb_image src=\u00a0\u00bbhttps:\/\/opusurbain.com\/wp-content\/uploads\/2023\/11\/IMAGE-03-2-scaled.jpg\u00a0\u00bb title_text=\u00a0\u00bbIMAGE 03&Prime; align=\u00a0\u00bbright\u00a0\u00bb align_tablet=\u00a0\u00bbcenter\u00a0\u00bb align_phone=\u00a0\u00bb\u00a0\u00bb align_last_edited=\u00a0\u00bbon|desktop\u00a0\u00bb _builder_version=\u00a0\u00bb4.23&Prime; min_height=\u00a0\u00bb281.5px\u00a0\u00bb hover_enabled=\u00a0\u00bb0&Prime; global_colors_info=\u00a0\u00bb{}\u00a0\u00bb sticky_enabled=\u00a0\u00bb0&Prime;][\/et_pb_image][\/et_pb_column][\/et_pb_row][\/et_pb_section]\n\n","protected":false},"excerpt":{"rendered":"<p>A\u00e9roport de Marseille VILLE DE MARSEILLE PROMENADES PAYSAG\u00e9es PROGRAMME : Qualification des continuit\u00e9s pi\u00e9tonnes aux abords des parking P3 &amp; P4, en lien avec le parvis du Terminal T1 et T2 et le P.E.M. de l\u2019a\u00e9roport de Marseille. CONTEXTE\u00a0: A\u00e9roport de Marseille (13) SUPERFICIE : 58 250 m\u00b2 MONTANT DE TRAVAUX : 37 970 500\u20ac [&hellip;]<\/p>\n","protected":false},"author":4,"featured_media":103062,"comment_status":"open","ping_status":"closed","template":"","meta":{"_et_pb_use_builder":"on","_et_pb_old_content":"","_et_gb_content_width":"","footnotes":""},"project_category":[12],"project_tag":[],"class_list":["post-103053","project","type-project","status-publish","has-post-thumbnail","hentry","project_category-prives"],"yoast_head":"<!-- This site is optimized with the Yoast SEO plugin v26.7 - https:\/\/yoast.com\/wordpress\/plugins\/seo\/ -->\n<title>A\u00e9roport de MarseillePromenades paysag\u00e9es__MARSEILLE - Opus Urbain<\/title>\n<meta name=\"robots\" content=\"index, follow, max-snippet:-1, max-image-preview:large, max-video-preview:-1\" \/>\n<link rel=\"canonical\" href=\"https:\/\/opusurbain.com\/index.php\/project\/aeroport-de-marseillepromenades-paysagees__marseille\/\" \/>\n<meta property=\"og:locale\" content=\"fr_FR\" \/>\n<meta property=\"og:type\" content=\"article\" \/>\n<meta property=\"og:title\" content=\"A\u00e9roport de MarseillePromenades paysag\u00e9es__MARSEILLE - Opus Urbain\" \/>\n<meta property=\"og:description\" content=\"A\u00e9roport de Marseille VILLE DE MARSEILLE PROMENADES PAYSAG\u00e9es PROGRAMME : Qualification des continuit\u00e9s pi\u00e9tonnes aux abords des parking P3 &amp; P4, en lien avec le parvis du Terminal T1 et T2 et le P.E.M. de l\u2019a\u00e9roport de Marseille. CONTEXTE\u00a0: A\u00e9roport de Marseille (13) SUPERFICIE : 58 250 m\u00b2 MONTANT DE TRAVAUX : 37 970 500\u20ac [&hellip;]\" \/>\n<meta property=\"og:url\" content=\"https:\/\/opusurbain.com\/index.php\/project\/aeroport-de-marseillepromenades-paysagees__marseille\/\" \/>\n<meta property=\"og:site_name\" content=\"Opus Urbain\" \/>\n<meta property=\"article:modified_time\" content=\"2023-11-15T15:00:59+00:00\" \/>\n<meta property=\"og:image\" content=\"https:\/\/opusurbain.com\/wp-content\/uploads\/2023\/11\/IMAGE-00_VIGNETTE-MARSEILLE.jpg\" \/>\n\t<meta property=\"og:image:width\" content=\"2160\" \/>\n\t<meta property=\"og:image:height\" content=\"2160\" \/>\n\t<meta property=\"og:image:type\" content=\"image\/jpeg\" \/>\n<meta name=\"twitter:card\" content=\"summary_large_image\" \/>\n<meta name=\"twitter:label1\" content=\"Dur\u00e9e de lecture estim\u00e9e\" \/>\n\t<meta name=\"twitter:data1\" content=\"2 minutes\" \/>\n<script type=\"application\/ld+json\" class=\"yoast-schema-graph\">{\"@context\":\"https:\/\/schema.org\",\"@graph\":[{\"@type\":\"WebPage\",\"@id\":\"https:\/\/opusurbain.com\/index.php\/project\/aeroport-de-marseillepromenades-paysagees__marseille\/\",\"url\":\"https:\/\/opusurbain.com\/index.php\/project\/aeroport-de-marseillepromenades-paysagees__marseille\/\",\"name\":\"A\u00e9roport de Marseille Promenades paysag\u00e9es __ MARSEILLE - Opus Urbain\",\"isPartOf\":{\"@id\":\"https:\/\/opusurbain.com\/#website\"},\"primaryImageOfPage\":{\"@id\":\"https:\/\/opusurbain.com\/index.php\/project\/aeroport-de-marseillepromenades-paysagees__marseille\/#primaryimage\"},\"image\":{\"@id\":\"https:\/\/opusurbain.com\/index.php\/project\/aeroport-de-marseillepromenades-paysagees__marseille\/#primaryimage\"},\"thumbnailUrl\":\"https:\/\/opusurbain.com\/wp-content\/uploads\/2023\/11\/IMAGE-00_VIGNETTE-MARSEILLE.jpg\",\"datePublished\":\"2023-11-09T14:24:40+00:00\",\"dateModified\":\"2023-11-15T15:00:59+00:00\",\"breadcrumb\":{\"@id\":\"https:\/\/opusurbain.com\/index.php\/project\/aeroport-de-marseillepromenades-paysagees__marseille\/#breadcrumb\"},\"inLanguage\":\"fr-FR\",\"potentialAction\":[{\"@type\":\"ReadAction\",\"target\":[\"https:\/\/opusurbain.com\/index.php\/project\/aeroport-de-marseillepromenades-paysagees__marseille\/\"]}]},{\"@type\":\"ImageObject\",\"inLanguage\":\"fr-FR\",\"@id\":\"https:\/\/opusurbain.com\/index.php\/project\/aeroport-de-marseillepromenades-paysagees__marseille\/#primaryimage\",\"url\":\"https:\/\/opusurbain.com\/wp-content\/uploads\/2023\/11\/IMAGE-00_VIGNETTE-MARSEILLE.jpg\",\"contentUrl\":\"https:\/\/opusurbain.com\/wp-content\/uploads\/2023\/11\/IMAGE-00_VIGNETTE-MARSEILLE.jpg\",\"width\":2160,\"height\":2160},{\"@type\":\"BreadcrumbList\",\"@id\":\"https:\/\/opusurbain.com\/index.php\/project\/aeroport-de-marseillepromenades-paysagees__marseille\/#breadcrumb\",\"itemListElement\":[{\"@type\":\"ListItem\",\"position\":1,\"name\":\"Accueil\",\"item\":\"https:\/\/opusurbain.com\/\"},{\"@type\":\"ListItem\",\"position\":2,\"name\":\"Projets\",\"item\":\"https:\/\/opusurbain.com\/index.php\/project\/\"},{\"@type\":\"ListItem\",\"position\":3,\"name\":\"A\u00e9roport de MarseillePromenades paysag\u00e9es__MARSEILLE\"}]},{\"@type\":\"WebSite\",\"@id\":\"https:\/\/opusurbain.com\/#website\",\"url\":\"https:\/\/opusurbain.com\/\",\"name\":\"Opus Urbain\",\"description\":\"paysage\/urbanisme\/\u00e9cologie\",\"potentialAction\":[{\"@type\":\"SearchAction\",\"target\":{\"@type\":\"EntryPoint\",\"urlTemplate\":\"https:\/\/opusurbain.com\/?s={search_term_string}\"},\"query-input\":{\"@type\":\"PropertyValueSpecification\",\"valueRequired\":true,\"valueName\":\"search_term_string\"}}],\"inLanguage\":\"fr-FR\"}]}<\/script>\n<!-- \/ Yoast SEO plugin. -->","yoast_head_json":{"title":"A\u00e9roport de MarseillePromenades paysag\u00e9es__MARSEILLE - Opus Urbain","robots":{"index":"index","follow":"follow","max-snippet":"max-snippet:-1","max-image-preview":"max-image-preview:large","max-video-preview":"max-video-preview:-1"},"canonical":"https:\/\/opusurbain.com\/index.php\/project\/aeroport-de-marseillepromenades-paysagees__marseille\/","og_locale":"fr_FR","og_type":"article","og_title":"A\u00e9roport de MarseillePromenades paysag\u00e9es__MARSEILLE - Opus Urbain","og_description":"A\u00e9roport de Marseille VILLE DE MARSEILLE PROMENADES PAYSAG\u00e9es PROGRAMME : Qualification des continuit\u00e9s pi\u00e9tonnes aux abords des parking P3 &amp; P4, en lien avec le parvis du Terminal T1 et T2 et le P.E.M. de l\u2019a\u00e9roport de Marseille. CONTEXTE\u00a0: A\u00e9roport de Marseille (13) SUPERFICIE : 58 250 m\u00b2 MONTANT DE TRAVAUX : 37 970 500\u20ac [&hellip;]","og_url":"https:\/\/opusurbain.com\/index.php\/project\/aeroport-de-marseillepromenades-paysagees__marseille\/","og_site_name":"Opus Urbain","article_modified_time":"2023-11-15T15:00:59+00:00","og_image":[{"width":2160,"height":2160,"url":"https:\/\/opusurbain.com\/wp-content\/uploads\/2023\/11\/IMAGE-00_VIGNETTE-MARSEILLE.jpg","type":"image\/jpeg"}],"twitter_card":"summary_large_image","twitter_misc":{"Dur\u00e9e de lecture estim\u00e9e":"2 minutes"},"schema":{"@context":"https:\/\/schema.org","@graph":[{"@type":"WebPage","@id":"https:\/\/opusurbain.com\/index.php\/project\/aeroport-de-marseillepromenades-paysagees__marseille\/","url":"https:\/\/opusurbain.com\/index.php\/project\/aeroport-de-marseillepromenades-paysagees__marseille\/","name":"A\u00e9roport de Marseille Promenades paysag\u00e9es __ MARSEILLE - Opus Urbain","isPartOf":{"@id":"https:\/\/opusurbain.com\/#website"},"primaryImageOfPage":{"@id":"https:\/\/opusurbain.com\/index.php\/project\/aeroport-de-marseillepromenades-paysagees__marseille\/#primaryimage"},"image":{"@id":"https:\/\/opusurbain.com\/index.php\/project\/aeroport-de-marseillepromenades-paysagees__marseille\/#primaryimage"},"thumbnailUrl":"https:\/\/opusurbain.com\/wp-content\/uploads\/2023\/11\/IMAGE-00_VIGNETTE-MARSEILLE.jpg","datePublished":"2023-11-09T14:24:40+00:00","dateModified":"2023-11-15T15:00:59+00:00","breadcrumb":{"@id":"https:\/\/opusurbain.com\/index.php\/project\/aeroport-de-marseillepromenades-paysagees__marseille\/#breadcrumb"},"inLanguage":"fr-FR","potentialAction":[{"@type":"ReadAction","target":["https:\/\/opusurbain.com\/index.php\/project\/aeroport-de-marseillepromenades-paysagees__marseille\/"]}]},{"@type":"ImageObject","inLanguage":"fr-FR","@id":"https:\/\/opusurbain.com\/index.php\/project\/aeroport-de-marseillepromenades-paysagees__marseille\/#primaryimage","url":"https:\/\/opusurbain.com\/wp-content\/uploads\/2023\/11\/IMAGE-00_VIGNETTE-MARSEILLE.jpg","contentUrl":"https:\/\/opusurbain.com\/wp-content\/uploads\/2023\/11\/IMAGE-00_VIGNETTE-MARSEILLE.jpg","width":2160,"height":2160},{"@type":"BreadcrumbList","@id":"https:\/\/opusurbain.com\/index.php\/project\/aeroport-de-marseillepromenades-paysagees__marseille\/#breadcrumb","itemListElement":[{"@type":"ListItem","position":1,"name":"Accueil","item":"https:\/\/opusurbain.com\/"},{"@type":"ListItem","position":2,"name":"Projets","item":"https:\/\/opusurbain.com\/index.php\/project\/"},{"@type":"ListItem","position":3,"name":"A\u00e9roport de MarseillePromenades paysag\u00e9es__MARSEILLE"}]},{"@type":"WebSite","@id":"https:\/\/opusurbain.com\/#website","url":"https:\/\/opusurbain.com\/","name":"Opus Urbain","description":"paysage\/urbanisme\/\u00e9cologie","potentialAction":[{"@type":"SearchAction","target":{"@type":"EntryPoint","urlTemplate":"https:\/\/opusurbain.com\/?s={search_term_string}"},"query-input":{"@type":"PropertyValueSpecification","valueRequired":true,"valueName":"search_term_string"}}],"inLanguage":"fr-FR"}]}},"_links":{"self":[{"href":"https:\/\/opusurbain.com\/index.php\/wp-json\/wp\/v2\/project\/103053","targetHints":{"allow":["GET"]}}],"collection":[{"href":"https:\/\/opusurbain.com\/index.php\/wp-json\/wp\/v2\/project"}],"about":[{"href":"https:\/\/opusurbain.com\/index.php\/wp-json\/wp\/v2\/types\/project"}],"author":[{"embeddable":true,"href":"https:\/\/opusurbain.com\/index.php\/wp-json\/wp\/v2\/users\/4"}],"replies":[{"embeddable":true,"href":"https:\/\/opusurbain.com\/index.php\/wp-json\/wp\/v2\/comments?post=103053"}],"version-history":[{"count":0,"href":"https:\/\/opusurbain.com\/index.php\/wp-json\/wp\/v2\/project\/103053\/revisions"}],"wp:featuredmedia":[{"embeddable":true,"href":"https:\/\/opusurbain.com\/index.php\/wp-json\/wp\/v2\/media\/103062"}],"wp:attachment":[{"href":"https:\/\/opusurbain.com\/index.php\/wp-json\/wp\/v2\/media?parent=103053"}],"wp:term":[{"taxonomy":"project_category","embeddable":true,"href":"https:\/\/opusurbain.com\/index.php\/wp-json\/wp\/v2\/project_category?post=103053"},{"taxonomy":"project_tag","embeddable":true,"href":"https:\/\/opusurbain.com\/index.php\/wp-json\/wp\/v2\/project_tag?post=103053"}],"curies":[{"name":"wp","href":"https:\/\/api.w.org\/{rel}","templated":true}]}}